{"id":182,"date":"2018-02-23T19:47:46","date_gmt":"2018-02-23T19:47:46","guid":{"rendered":"https:\/\/lesserresbourgeon.ca\/about-us\/"},"modified":"2021-02-08T18:38:57","modified_gmt":"2021-02-08T22:38:57","slug":"member-of","status":"publish","type":"page","link":"https:\/\/lesserresbourgeon.ca\/en\/about-us\/member-of\/","title":{"rendered":"Member of"},"content":{"rendered":"<p><div class=\"fusion-fullwidth fullwidth-box fusion-builder-row-1 nonhundred-percent-fullwidth non-hundred-percent-height-scrolling\" style=\"--awb-border-radius-top-left:0px;--awb-border-radius-top-right:0px;--awb-border-radius-bottom-right:0px;--awb-border-radius-bottom-left:0px;--awb-margin-top:-40px;--awb-flex-wrap:wrap;\" ><div class=\"fusion-builder-row fusion-row\"><div class=\"fusion-layout-column fusion_builder_column fusion-builder-column-0 fusion_builder_column_1_3 1_3 fusion-one-third fusion-column-first\" style=\"--awb-bg-size:cover;--awb-margin-top:80px;width:33.333333333333%;width:calc(33.333333333333% - ( ( 5px ) * 0.33333333333333 ) );margin-right: 5px;\"><div class=\"fusion-column-wrapper fusion-flex-column-wrapper-legacy\"><div class=\"fusion-image-element fusion-image-align-left in-legacy-container\" style=\"text-align:left;--awb-caption-title-font-family:var(--h2_typography-font-family);--awb-caption-title-font-weight:var(--h2_typography-font-weight);--awb-caption-title-font-style:var(--h2_typography-font-style);--awb-caption-title-size:var(--h2_typography-font-size);--awb-caption-title-transform:var(--h2_typography-text-transform);--awb-caption-title-line-height:var(--h2_typography-line-height);--awb-caption-title-letter-spacing:var(--h2_typography-letter-spacing);\"><span class=\" fusion-imageframe imageframe-none imageframe-1 hover-type-none\" style=\"margin-right:25px;float:left;\"><a class=\"fusion-no-lightbox\" href=\"http:\/\/iqdho.com\/index.php\/en\/member-list\" target=\"_blank\" aria-label=\"IQDHO\" rel=\"noopener noreferrer\"><img decoding=\"async\" width=\"140\" height=\"175\" alt=\"Quebec\u2019s Center of expertise in ornamental horticulture\" src=\"https:\/\/lesserresbourgeon.ca\/wp-content\/uploads\/2018\/03\/IQCHO-e1522367792218.jpg\" class=\"img-responsive wp-image-1421\"\/><\/a><\/span><\/div><div class=\"fusion-clearfix\"><\/div><\/div><\/div><div class=\"fusion-layout-column fusion_builder_column fusion-builder-column-1 fusion_builder_column_2_3 2_3 fusion-two-third fusion-column-last\" style=\"--awb-bg-size:cover;width:66.666666666667%;width:calc(66.666666666667% - ( ( 5px ) * 0.66666666666667 ) );\"><div class=\"fusion-column-wrapper fusion-flex-column-wrapper-legacy\"><div class=\"fusion-text fusion-text-1\"><h1><strong>Member of :<\/strong><\/h1>\n<p><a href=\"http:\/\/iqdho.com\/index.php\/fr\/liste-des-membres\"><strong>L\u2019institut qu\u00e9b\u00e9cois du d\u00e9veloppement de l\u2019horticulture ornementale\u00a0<\/strong><\/a>(IQDHO) is Quebec\u2019s Center of expertise in ornamental horticulture that promotes, through its multidisciplinary team, innovation and the transfer of knowledge necessary for the development of ornamental horticulture.<\/p>\n<p>The goal is to help companies improve the quality and efficiency of their production, the profitability of the company and, consequently, their competitiveness.<\/p>\n<\/div><div class=\"fusion-clearfix\"><\/div><\/div><\/div><div class=\"fusion-layout-column fusion_builder_column fusion-builder-column-2 fusion_builder_column_1_1 1_1 fusion-one-full fusion-column-first fusion-column-last\" style=\"--awb-bg-size:cover;\"><div class=\"fusion-column-wrapper fusion-flex-column-wrapper-legacy\"><div class=\"fusion-sep-clear\"><\/div><div class=\"fusion-separator fusion-full-width-sep\" style=\"margin-left: auto;margin-right: auto;margin-top:30px;margin-bottom:30px;width:100%;\"><div class=\"fusion-separator-border sep-double\" style=\"--awb-height:20px;--awb-amount:20px;border-color:#e0dede;border-top-width:1px;border-bottom-width:1px;\"><\/div><\/div><div class=\"fusion-sep-clear\"><\/div><div class=\"fusion-clearfix\"><\/div><\/div><\/div><div class=\"fusion-layout-column fusion_builder_column fusion-builder-column-3 fusion_builder_column_1_3 1_3 fusion-one-third fusion-column-first\" style=\"--awb-padding-top:15px;--awb-bg-size:cover;width:33.333333333333%;width:calc(33.333333333333% - ( ( 5px ) * 0.33333333333333 ) );margin-right: 5px;\"><div class=\"fusion-column-wrapper fusion-flex-column-wrapper-legacy\"><div class=\"fusion-image-element fusion-image-align-left in-legacy-container\" style=\"text-align:left;--awb-caption-title-font-family:var(--h2_typography-font-family);--awb-caption-title-font-weight:var(--h2_typography-font-weight);--awb-caption-title-font-style:var(--h2_typography-font-style);--awb-caption-title-size:var(--h2_typography-font-size);--awb-caption-title-transform:var(--h2_typography-text-transform);--awb-caption-title-line-height:var(--h2_typography-line-height);--awb-caption-title-letter-spacing:var(--h2_typography-letter-spacing);\"><span class=\" fusion-imageframe imageframe-none imageframe-2 hover-type-none\" style=\"margin-right:25px;float:left;\"><a class=\"fusion-no-lightbox\" href=\"https:\/\/www.serres.quebec\/liste-des-membres\/\" target=\"_blank\" aria-label=\"Les producteurs en serre du Qu\u00e9bec\" rel=\"noopener noreferrer\"><img decoding=\"async\" width=\"150\" height=\"95\" alt=\"Les producteurs en serre du Qu\u00e9bec\" src=\"https:\/\/lesserresbourgeon.ca\/wp-content\/uploads\/2018\/03\/PSQ-e1522365951350.jpg\" class=\"img-responsive wp-image-1423\"\/><\/a><\/span><\/div><div class=\"fusion-clearfix\"><\/div><\/div><\/div><div class=\"fusion-layout-column fusion_builder_column fusion-builder-column-4 fusion_builder_column_2_3 2_3 fusion-two-third fusion-column-last\" style=\"--awb-bg-size:cover;width:66.666666666667%;width:calc(66.666666666667% - ( ( 5px ) * 0.66666666666667 ) );\"><div class=\"fusion-column-wrapper fusion-flex-column-wrapper-legacy\"><div class=\"fusion-text fusion-text-2\"><p><a href=\"https:\/\/www.serres.quebec\/liste-des-membres\/\" target=\"_blank\" rel=\"noopener noreferrer\"><strong>Les Producteurs en serre du Qu\u00e9bec<\/strong><\/a> (PSQ) whose mission is the study, defense and development of the economic, social and moral interests of its members.<\/p>\n<p>The actions of the PSQ seek to reconcile the diversified interests of small, medium and large companies in greenhouse production of ornamental plants, vegetables and fruits.<\/p>\n<p>&nbsp;<\/p>\n<\/div><div class=\"fusion-clearfix\"><\/div><\/div><\/div><div class=\"fusion-layout-column fusion_builder_column fusion-builder-column-5 fusion_builder_column_1_1 1_1 fusion-one-full fusion-column-first fusion-column-last\" style=\"--awb-bg-size:cover;\"><div class=\"fusion-column-wrapper fusion-flex-column-wrapper-legacy\"><div class=\"fusion-sep-clear\"><\/div><div class=\"fusion-separator fusion-full-width-sep\" style=\"margin-left: auto;margin-right: auto;margin-top:30px;margin-bottom:30px;width:100%;\"><div class=\"fusion-separator-border sep-double\" style=\"--awb-height:20px;--awb-amount:20px;border-color:#e0dede;border-top-width:1px;border-bottom-width:1px;\"><\/div><\/div><div class=\"fusion-sep-clear\"><\/div><div class=\"fusion-clearfix\"><\/div><\/div><\/div><div class=\"fusion-layout-column fusion_builder_column fusion-builder-column-6 fusion_builder_column_1_3 1_3 fusion-one-third fusion-column-first\" style=\"--awb-padding-top:-60px;--awb-padding-right:50px;--awb-bg-size:cover;--awb-margin-top:-20px;width:33.333333333333%;width:calc(33.333333333333% - ( ( 5 px ) * 0.33333333333333 ) );margin-right: 5px px;\"><div class=\"fusion-column-wrapper fusion-column-has-shadow fusion-flex-column-wrapper-legacy\"><div class=\"fusion-image-element fusion-image-align-left in-legacy-container\" style=\"text-align:left;--awb-caption-title-font-family:var(--h2_typography-font-family);--awb-caption-title-font-weight:var(--h2_typography-font-weight);--awb-caption-title-font-style:var(--h2_typography-font-style);--awb-caption-title-size:var(--h2_typography-font-size);--awb-caption-title-transform:var(--h2_typography-text-transform);--awb-caption-title-line-height:var(--h2_typography-line-height);--awb-caption-title-letter-spacing:var(--h2_typography-letter-spacing);\"><span class=\" fusion-imageframe imageframe-none imageframe-3 hover-type-none\" style=\"margin-right:25px;float:left;\"><a class=\"fusion-no-lightbox\" href=\"https:\/\/jardineriequebec.com\/\" target=\"_blank\" aria-label=\"jardinerie-quebec\" rel=\"noopener noreferrer\"><img decoding=\"async\" width=\"1200\" height=\"1200\" src=\"https:\/\/lesserresbourgeon.ca\/wp-content\/uploads\/2021\/02\/jardinerie-quebec-e1612823254661.jpg\" alt class=\"img-responsive wp-image-2927\"\/><\/a><\/span><\/div><div class=\"fusion-clearfix\"><\/div><\/div><\/div><div class=\"fusion-layout-column fusion_builder_column fusion-builder-column-7 fusion_builder_column_2_3 2_3 fusion-two-third fusion-column-last\" style=\"--awb-padding-top:20px;--awb-bg-size:cover;width:66.666666666667%;width:calc(66.666666666667% - ( ( 5 px ) * 0.66666666666667 ) );\"><div class=\"fusion-column-wrapper fusion-column-has-shadow fusion-flex-column-wrapper-legacy\"><div class=\"fusion-text fusion-text-3\"><p style=\"text-align: left;\"><strong><a href=\"https:\/\/jardineriequebec.com\/\" target=\"_blank\" rel=\"noopener\">Jardinerie Qu\u00e9bec <\/a><\/strong>is an association whose mission is to equip and strengthen a living, local and sustainable community of garden centers. To equip the sector with its offer of services, training, newsletters and monitoring. Solidify, through its actions of communication, representation and exchange.<\/p>\n<\/div><div class=\"fusion-clearfix\"><\/div><\/div><\/div><div class=\"fusion-layout-column fusion_builder_column fusion-builder-column-8 fusion_builder_column_1_1 1_1 fusion-one-full fusion-column-first fusion-column-last\" style=\"--awb-bg-size:cover;\"><div class=\"fusion-column-wrapper fusion-flex-column-wrapper-legacy\"><div class=\"fusion-sep-clear\"><\/div><div class=\"fusion-separator fusion-full-width-sep\" style=\"margin-left: auto;margin-right: auto;margin-top:30px;margin-bottom:30px;width:100%;\"><div class=\"fusion-separator-border sep-double\" style=\"--awb-height:20px;--awb-amount:20px;border-color:#e0dede;border-top-width:1px;border-bottom-width:1px;\"><\/div><\/div><div class=\"fusion-sep-clear\"><\/div><div class=\"fusion-clearfix\"><\/div><\/div><\/div><div class=\"fusion-layout-column fusion_builder_column fusion-builder-column-9 fusion_builder_column_1_3 1_3 fusion-one-third fusion-column-first\" style=\"--awb-padding-top:50px;--awb-bg-size:cover;width:33.333333333333%;width:calc(33.333333333333% - ( ( 5px ) * 0.33333333333333 ) );margin-right: 5px;\"><div class=\"fusion-column-wrapper fusion-flex-column-wrapper-legacy\"><div class=\"fusion-image-element fusion-image-align-left in-legacy-container\" style=\"text-align:left;--awb-caption-title-font-family:var(--h2_typography-font-family);--awb-caption-title-font-weight:var(--h2_typography-font-weight);--awb-caption-title-font-style:var(--h2_typography-font-style);--awb-caption-title-size:var(--h2_typography-font-size);--awb-caption-title-transform:var(--h2_typography-text-transform);--awb-caption-title-line-height:var(--h2_typography-line-height);--awb-caption-title-letter-spacing:var(--h2_typography-letter-spacing);\"><span class=\" fusion-imageframe imageframe-none imageframe-4 hover-type-none\" style=\"margin-right:25px;float:left;\"><a class=\"fusion-no-lightbox\" href=\"http:\/\/www.outaouais-laurentides.upa.qc.ca\/collines-de-loutaouais\/\" target=\"_blank\" aria-label=\"UPA Collines de l&#8217;Outaouais\" rel=\"noopener noreferrer\"><img decoding=\"async\" width=\"200\" height=\"53\" alt=\"Union des producteurs agricoles Collines de l&#039;Outaouais\" src=\"https:\/\/lesserresbourgeon.ca\/wp-content\/uploads\/2018\/03\/UPA-e1522367857836.jpg\" class=\"img-responsive wp-image-1425\"\/><\/a><\/span><\/div><div class=\"fusion-clearfix\"><\/div><\/div><\/div><div class=\"fusion-layout-column fusion_builder_column fusion-builder-column-10 fusion_builder_column_2_3 2_3 fusion-two-third fusion-column-last\" style=\"--awb-bg-size:cover;width:66.666666666667%;width:calc(66.666666666667% - ( ( 5px ) * 0.66666666666667 ) );\"><div class=\"fusion-column-wrapper fusion-flex-column-wrapper-legacy\"><div class=\"fusion-text fusion-text-4\"><p style=\"text-align: left;\"><a href=\"http:\/\/www.outaouais-laurentides.upa.qc.ca\/collines-de-loutaouais\/\" target=\"_blank\" rel=\"noopener noreferrer\"><strong>L&#8217;UPA des Collines-de-l&#8217;Outaouais<\/strong> <\/a>whose mission is to promote, defend and develop the professional, economic, social and moral interests of its members. UPA also contributes to improving the social, economic and cultural living conditions of rural areas.<\/p>\n<p><strong><em>Bourgeon Greenhouses is one of 302 agricultural businesses in the Collines-de-l&#8217;Outaouais territory.<\/em><\/strong><\/p>\n<\/div><div class=\"fusion-clearfix\"><\/div><\/div><\/div><div class=\"fusion-layout-column fusion_builder_column fusion-builder-column-11 fusion_builder_column_1_1 1_1 fusion-one-full fusion-column-first fusion-column-last\" style=\"--awb-padding-bottom:40px;--awb-bg-size:cover;\"><div class=\"fusion-column-wrapper fusion-flex-column-wrapper-legacy\"><div class=\"fusion-sep-clear\"><\/div><div class=\"fusion-separator fusion-full-width-sep\" style=\"margin-left: auto;margin-right: auto;margin-top:30px;margin-bottom:0px;width:100%;\"><div class=\"fusion-separator-border sep-double\" style=\"--awb-height:20px;--awb-amount:20px;border-color:#e0dede;border-top-width:1px;border-bottom-width:1px;\"><\/div><\/div><div class=\"fusion-sep-clear\"><\/div><div class=\"fusion-clearfix\"><\/div><\/div><\/div><\/div><\/div><div class=\"fusion-fullwidth fullwidth-box fusion-builder-row-2 nonhundred-percent-fullwidth non-hundred-percent-height-scrolling\" style=\"--awb-border-radius-top-left:0px;--awb-border-radius-top-right:0px;--awb-border-radius-bottom-right:0px;--awb-border-radius-bottom-left:0px;--awb-flex-wrap:wrap;\" ><div class=\"fusion-builder-row fusion-row\"><div class=\"fusion-layout-column fusion_builder_column fusion-builder-column-12 fusion_builder_column_1_3 1_3 fusion-one-third fusion-column-first\" style=\"--awb-padding-top:20px;--awb-bg-size:cover;width:33.333333333333%;width:calc(33.333333333333% - ( ( 5px ) * 0.33333333333333 ) );margin-right: 5px;\"><div class=\"fusion-column-wrapper fusion-column-has-shadow fusion-flex-column-wrapper-legacy\"><div class=\"fusion-image-element in-legacy-container\" style=\"--awb-caption-title-font-family:var(--h2_typography-font-family);--awb-caption-title-font-weight:var(--h2_typography-font-weight);--awb-caption-title-font-style:var(--h2_typography-font-style);--awb-caption-title-size:var(--h2_typography-font-size);--awb-caption-title-transform:var(--h2_typography-text-transform);--awb-caption-title-line-height:var(--h2_typography-line-height);--awb-caption-title-letter-spacing:var(--h2_typography-letter-spacing);\"><span class=\" fusion-imageframe imageframe-none imageframe-5 hover-type-none\"><a class=\"fusion-no-lightbox\" href=\"https:\/\/cwlpc.ca\/directory\/\" target=\"_blank\" aria-label=\"Wakefield \u2013 La P\u00eache Chamber\" rel=\"noopener noreferrer\"><img decoding=\"async\" width=\"200\" height=\"83\" alt=\"Wakefield La P\u00eache Chamber\" src=\"https:\/\/lesserresbourgeon.ca\/wp-content\/uploads\/2018\/03\/chambre-commerce-wakefield-la-peche-e1522949005896.png\" class=\"img-responsive wp-image-1419\"\/><\/a><\/span><\/div><div class=\"fusion-clearfix\"><\/div><\/div><\/div><div class=\"fusion-layout-column fusion_builder_column fusion-builder-column-13 fusion_builder_column_2_3 2_3 fusion-two-third fusion-column-last\" style=\"--awb-bg-size:cover;--awb-margin-top:-20px;width:66.666666666667%;width:calc(66.666666666667% - ( ( 5px ) * 0.66666666666667 ) );\"><div class=\"fusion-column-wrapper fusion-column-has-shadow fusion-flex-column-wrapper-legacy\"><div class=\"fusion-text fusion-text-5\"><h3><\/h3>\n<\/div><div class=\"fusion-text fusion-text-6\"><p><strong><a href=\"https:\/\/cwlpc.ca\/welcome\/\" target=\"_blank\" rel=\"noopener noreferrer\">Wakefield \u2013 La P\u00eache Chamber <\/a><\/strong>\u00a0whose mandate is to foster a thriving economic, artistic, recreational and social environment for Wakefield and area.\u00a0 Since Wakefield is a hub for the region, we reach out to all of La P\u00eache and beyond to achieve this mandate.\u00a0 Our business directory lists and connects businesses for all of La P\u00eache.<\/p>\n<p>&nbsp;<\/p>\n<\/div><div class=\"fusion-clearfix\"><\/div><\/div><\/div><div class=\"fusion-layout-column fusion_builder_column fusion-builder-column-14 fusion_builder_column_1_1 1_1 fusion-one-full fusion-column-first fusion-column-last\" style=\"--awb-padding-bottom:40px;--awb-bg-size:cover;\"><div class=\"fusion-column-wrapper fusion-flex-column-wrapper-legacy\"><div class=\"fusion-sep-clear\"><\/div><div class=\"fusion-separator fusion-full-width-sep\" style=\"margin-left: auto;margin-right: auto;margin-top:30px;margin-bottom:0px;width:100%;\"><div class=\"fusion-separator-border sep-double\" style=\"--awb-height:20px;--awb-amount:20px;border-color:#e0dede;border-top-width:1px;border-bottom-width:1px;\"><\/div><\/div><div class=\"fusion-sep-clear\"><\/div><div class=\"fusion-clearfix\"><\/div><\/div><\/div><div class=\"fusion-layout-column fusion_builder_column fusion-builder-column-15 fusion_builder_column_1_3 1_3 fusion-one-third fusion-column-first\" style=\"--awb-bg-size:cover;width:33.333333333333%;width:calc(33.333333333333% - ( ( 5px ) * 0.33333333333333 ) );margin-right: 5px;\"><div class=\"fusion-column-wrapper fusion-column-has-shadow fusion-flex-column-wrapper-legacy\"><div class=\"fusion-image-element in-legacy-container\" style=\"--awb-caption-title-font-family:var(--h2_typography-font-family);--awb-caption-title-font-weight:var(--h2_typography-font-weight);--awb-caption-title-font-style:var(--h2_typography-font-style);--awb-caption-title-size:var(--h2_typography-font-size);--awb-caption-title-transform:var(--h2_typography-text-transform);--awb-caption-title-line-height:var(--h2_typography-line-height);--awb-caption-title-letter-spacing:var(--h2_typography-letter-spacing);\"><span class=\" fusion-imageframe imageframe-none imageframe-6 hover-type-none\"><a class=\"fusion-no-lightbox\" href=\"http:\/\/dujardindansmavie.com\/trouvez-des-conseils\/trucs-et-astuces\/trouvez-un-specialiste\/\" target=\"_blank\" aria-label=\"Du jardin dans ma vie\" rel=\"noopener noreferrer\"><img decoding=\"async\" width=\"250\" height=\"77\" alt=\"Du jardin dans ma vie\" src=\"https:\/\/lesserresbourgeon.ca\/wp-content\/uploads\/2018\/03\/dujardindansmavie-e1522949618218.png\" class=\"img-responsive wp-image-1417\"\/><\/a><\/span><\/div><div class=\"fusion-clearfix\"><\/div><\/div><\/div><div class=\"fusion-layout-column fusion_builder_column fusion-builder-column-16 fusion_builder_column_2_3 2_3 fusion-two-third fusion-column-last\" style=\"--awb-bg-size:cover;width:66.666666666667%;width:calc(66.666666666667% - ( ( 5px ) * 0.66666666666667 ) );\"><div class=\"fusion-column-wrapper fusion-flex-column-wrapper-legacy\"><div class=\"fusion-text fusion-text-7\"><p>This inspirational and informative portal has been designed by a group of professionals in Quebec&#8217;s ornamental horticulture industry. It is a flourishing initiative of the \u201cTable fili\u00e8re l\u2019horticulture ornementale\u201d as part of the provincial campaign <strong><a href=\"https:\/\/dujardindansmavie.com\/trouvez-des-conseils\/trucs-et-astuces\/trouvez-un-specialiste\/\" target=\"_blank\" rel=\"noopener\">\u201cDu jardin dans ma vie\u201d<\/a><\/strong>.<\/p>\n<p><strong>Bourgeon Greenhouses is one of seven Outaouais Garden Centers to distribute the &#8220;Magazine <span style=\"color: #67ab22;\">Vert<\/span>&#8221; (available in french only).<\/strong><\/p>\n<p>&nbsp;<\/p>\n<\/div><div class=\"fusion-clearfix\"><\/div><\/div><\/div><\/div><\/div><\/p>\n","protected":false},"excerpt":{"rendered":"","protected":false},"author":1,"featured_media":0,"parent":1374,"menu_order":0,"comment_status":"closed","ping_status":"closed","template":"","meta":{"footnotes":""},"class_list":["post-182","page","type-page","status-publish","hentry"],"yoast_head":"<!-- This site is optimized with the Yoast SEO plugin v27.5 - https:\/\/yoast.com\/product\/yoast-seo-wordpress\/ -->\n<title>Membre d&#039;associations et regroupements - Les Serres Bourgeon Greenhouses<\/title>\n<meta name=\"description\" content=\"Bourgeon Greenhoues are members of several local associations and groups in the Outaouais region and some in Quebec.\" \/>\n<meta name=\"robots\" content=\"index, follow, max-snippet:-1, max-image-preview:large, max-video-preview:-1\" \/>\n<link rel=\"canonical\" href=\"https:\/\/lesserresbourgeon.ca\/a-propos\/membre-de\/\" \/>\n<meta property=\"og:locale\" content=\"en_US\" \/>\n<meta property=\"og:type\" content=\"article\" \/>\n<meta property=\"og:title\" content=\"Membre d&#039;associations et regroupements - Les Serres Bourgeon Greenhouses\" \/>\n<meta property=\"og:description\" content=\"Bourgeon Greenhoues are members of several local associations and groups in the Outaouais region and some in Quebec.\" \/>\n<meta property=\"og:url\" content=\"https:\/\/lesserresbourgeon.ca\/a-propos\/membre-de\/\" \/>\n<meta property=\"og:site_name\" content=\"Les Serres Bourgeon Greenhouses\" \/>\n<meta property=\"article:modified_time\" content=\"2021-02-08T22:38:57+00:00\" \/>\n<meta name=\"twitter:card\" content=\"summary_large_image\" \/>\n<meta name=\"twitter:label1\" content=\"Est. reading time\" \/>\n\t<meta name=\"twitter:data1\" content=\"16 minutes\" \/>\n<script type=\"application\/ld+json\" class=\"yoast-schema-graph\">{\"@context\":\"https:\\\/\\\/schema.org\",\"@graph\":[{\"@type\":\"WebPage\",\"@id\":\"https:\\\/\\\/lesserresbourgeon.ca\\\/a-propos\\\/membre-de\\\/\",\"url\":\"https:\\\/\\\/lesserresbourgeon.ca\\\/a-propos\\\/membre-de\\\/\",\"name\":\"Membre d'associations et regroupements - Les Serres Bourgeon Greenhouses\",\"isPartOf\":{\"@id\":\"https:\\\/\\\/lesserresbourgeon.ca\\\/#website\"},\"datePublished\":\"2018-02-23T19:47:46+00:00\",\"dateModified\":\"2021-02-08T22:38:57+00:00\",\"description\":\"Bourgeon Greenhoues are members of several local associations and groups in the Outaouais region and some in Quebec.\",\"breadcrumb\":{\"@id\":\"https:\\\/\\\/lesserresbourgeon.ca\\\/a-propos\\\/membre-de\\\/#breadcrumb\"},\"inLanguage\":\"en-US\",\"potentialAction\":[{\"@type\":\"ReadAction\",\"target\":[\"https:\\\/\\\/lesserresbourgeon.ca\\\/a-propos\\\/membre-de\\\/\"]}]},{\"@type\":\"BreadcrumbList\",\"@id\":\"https:\\\/\\\/lesserresbourgeon.ca\\\/a-propos\\\/membre-de\\\/#breadcrumb\",\"itemListElement\":[{\"@type\":\"ListItem\",\"position\":1,\"name\":\"Accueil\",\"item\":\"https:\\\/\\\/lesserresbourgeon.ca\\\/en\\\/\"},{\"@type\":\"ListItem\",\"position\":2,\"name\":\"About us\",\"item\":\"https:\\\/\\\/lesserresbourgeon.ca\\\/a-propos\\\/\"},{\"@type\":\"ListItem\",\"position\":3,\"name\":\"Member of\"}]},{\"@type\":\"WebSite\",\"@id\":\"https:\\\/\\\/lesserresbourgeon.ca\\\/#website\",\"url\":\"https:\\\/\\\/lesserresbourgeon.ca\\\/\",\"name\":\"Les Serres Bourgeon Greenhouses\",\"description\":\"producteur local\",\"potentialAction\":[{\"@type\":\"SearchAction\",\"target\":{\"@type\":\"EntryPoint\",\"urlTemplate\":\"https:\\\/\\\/lesserresbourgeon.ca\\\/?s={search_term_string}\"},\"query-input\":{\"@type\":\"PropertyValueSpecification\",\"valueRequired\":true,\"valueName\":\"search_term_string\"}}],\"inLanguage\":\"en-US\"}]}<\/script>\n<!-- \/ Yoast SEO plugin. -->","yoast_head_json":{"title":"Membre d'associations et regroupements - Les Serres Bourgeon Greenhouses","description":"Bourgeon Greenhoues are members of several local associations and groups in the Outaouais region and some in Quebec.","robots":{"index":"index","follow":"follow","max-snippet":"max-snippet:-1","max-image-preview":"max-image-preview:large","max-video-preview":"max-video-preview:-1"},"canonical":"https:\/\/lesserresbourgeon.ca\/a-propos\/membre-de\/","og_locale":"en_US","og_type":"article","og_title":"Membre d'associations et regroupements - Les Serres Bourgeon Greenhouses","og_description":"Bourgeon Greenhoues are members of several local associations and groups in the Outaouais region and some in Quebec.","og_url":"https:\/\/lesserresbourgeon.ca\/a-propos\/membre-de\/","og_site_name":"Les Serres Bourgeon Greenhouses","article_modified_time":"2021-02-08T22:38:57+00:00","twitter_card":"summary_large_image","twitter_misc":{"Est. reading time":"16 minutes"},"schema":{"@context":"https:\/\/schema.org","@graph":[{"@type":"WebPage","@id":"https:\/\/lesserresbourgeon.ca\/a-propos\/membre-de\/","url":"https:\/\/lesserresbourgeon.ca\/a-propos\/membre-de\/","name":"Membre d'associations et regroupements - Les Serres Bourgeon Greenhouses","isPartOf":{"@id":"https:\/\/lesserresbourgeon.ca\/#website"},"datePublished":"2018-02-23T19:47:46+00:00","dateModified":"2021-02-08T22:38:57+00:00","description":"Bourgeon Greenhoues are members of several local associations and groups in the Outaouais region and some in Quebec.","breadcrumb":{"@id":"https:\/\/lesserresbourgeon.ca\/a-propos\/membre-de\/#breadcrumb"},"inLanguage":"en-US","potentialAction":[{"@type":"ReadAction","target":["https:\/\/lesserresbourgeon.ca\/a-propos\/membre-de\/"]}]},{"@type":"BreadcrumbList","@id":"https:\/\/lesserresbourgeon.ca\/a-propos\/membre-de\/#breadcrumb","itemListElement":[{"@type":"ListItem","position":1,"name":"Accueil","item":"https:\/\/lesserresbourgeon.ca\/en\/"},{"@type":"ListItem","position":2,"name":"About us","item":"https:\/\/lesserresbourgeon.ca\/a-propos\/"},{"@type":"ListItem","position":3,"name":"Member of"}]},{"@type":"WebSite","@id":"https:\/\/lesserresbourgeon.ca\/#website","url":"https:\/\/lesserresbourgeon.ca\/","name":"Les Serres Bourgeon Greenhouses","description":"producteur local","potentialAction":[{"@type":"SearchAction","target":{"@type":"EntryPoint","urlTemplate":"https:\/\/lesserresbourgeon.ca\/?s={search_term_string}"},"query-input":{"@type":"PropertyValueSpecification","valueRequired":true,"valueName":"search_term_string"}}],"inLanguage":"en-US"}]}},"_links":{"self":[{"href":"https:\/\/lesserresbourgeon.ca\/en\/wp-json\/wp\/v2\/pages\/182","targetHints":{"allow":["GET"]}}],"collection":[{"href":"https:\/\/lesserresbourgeon.ca\/en\/wp-json\/wp\/v2\/pages"}],"about":[{"href":"https:\/\/lesserresbourgeon.ca\/en\/wp-json\/wp\/v2\/types\/page"}],"author":[{"embeddable":true,"href":"https:\/\/lesserresbourgeon.ca\/en\/wp-json\/wp\/v2\/users\/1"}],"replies":[{"embeddable":true,"href":"https:\/\/lesserresbourgeon.ca\/en\/wp-json\/wp\/v2\/comments?post=182"}],"version-history":[{"count":59,"href":"https:\/\/lesserresbourgeon.ca\/en\/wp-json\/wp\/v2\/pages\/182\/revisions"}],"predecessor-version":[{"id":2936,"href":"https:\/\/lesserresbourgeon.ca\/en\/wp-json\/wp\/v2\/pages\/182\/revisions\/2936"}],"up":[{"embeddable":true,"href":"https:\/\/lesserresbourgeon.ca\/en\/wp-json\/wp\/v2\/pages\/1374"}],"wp:attachment":[{"href":"https:\/\/lesserresbourgeon.ca\/en\/wp-json\/wp\/v2\/media?parent=182"}],"curies":[{"name":"wp","href":"https:\/\/api.w.org\/{rel}","templated":true}]}}